{"id":182,"date":"2022-11-12T22:24:24","date_gmt":"2022-11-12T21:24:24","guid":{"rendered":"http:\/\/glenverness.de\/2020\/?page_id=182"},"modified":"2022-11-12T22:24:24","modified_gmt":"2022-11-12T21:24:24","slug":"ben-alastair","status":"publish","type":"page","link":"http:\/\/glenverness.de\/2020\/kintra\/geography\/ben-alastair\/","title":{"rendered":"Ben Alastair"},"content":{"rendered":"\n<p>Der Ben Alastair ist mit einer H\u00f6he von 1499 Metern der h\u00f6chste Berg im Royal Realm of Glenverness. Er liegt im S\u00fcden der Insel Verness in den Vernish Highlands zwischen den St\u00e4dten Kildeen im Westen, Stanverton im Norden und Glensend im S\u00fcden. Der Berg besteht aus rund 400 Millionen Jahre altem magmatischem Gestein. Die 300 Meter hohe Nordwand ist die h\u00f6chste Felswand in Glenverness. Bis 1734 wurde der Berg nach der vernischen Nationalheiligen Ben Brigid genannt. Mit der Thronbesteigung Alastairs I. im Jahre 1733 verordnete dieser die Umbenennung des Berges. Der Bergr\u00fccken ist mit Wolligen Zackenm\u00fctzenmoos (Racomitrium lanuginosum) bedeckt \u2013 im Unterschied zu dem im vernischen Gebirge sonst eher verbreiteten Heidekraut oder Gras \u2013, w\u00e4hrend die unteren H\u00e4nge eher von Zwergstrauchheide und Marschland gepr\u00e4gt sind. Heide und Marschland beheimaten eine Vielzahl an Pflanzen, wie Zwergbirke, Moltebeere oder Zwerghartriegel. Der Standort ist ein bedeutendes Brutgebiet f\u00fcr den Mornellregenpfeifer und beherbergt mindestens 2,4 % der Brutpopulation im Royal Realm. Eine Besteigung des Berges ist dank eines Wanderwegs relativ einfach. Die Wanderung ist jedoch wegen des unbest\u00e4ndigen Wetters (an 300 Tagen im Jahr herrscht Nebel) nicht ungef\u00e4hrlich. Schon einige Wanderer haben sich im Nebel verirrt und sind \u00fcber eine Klippe gest\u00fcrzt. Das Massiv des Ben Alastair stellt ein betr\u00e4chtliches Hindernis f\u00fcr Luftmassen aus Westen dar, so dass sich vermehrt feuchte Luftmassen abregnen und so an rund 300 Tagen im Jahr Nebel bzw. Regen herrschen. Im Winter ist der Ben Alastair vor allem bei Eiskletterern ein beliebtes Wintersportgebiet. Die erste \u00fcberlieferte Besteigung fand am 17. August 1771 durch den Col. Thomas McTrillian statt. 1883 wurde eine Wetterwarte auf dem Gipfel gebaut, die bis heute t\u00e4glich das Wetter auf dem Gipfel dokumentiert. Ein Hotel kurz unterhalb des Gipfels beherbergt jedes Jahr eine gro\u00dfe Schar an Touristen aus aller Welt. Als sportliches Highlight findet hier seit 1952 jedes Jahr das \u201eBen Race\u201c statt, bei dem hunderte von L\u00e4ufern den Berg hinauf und hinunterrennen. Dieses Rennen geht auf den einheimischen Sch\u00e4fer Wallace Finnlay zur\u00fcck, der die Strecke 1899 in 2 Stunden und 41 Minuten bew\u00e4ltigte.<\/p>\n","protected":false},"excerpt":{"rendered":"<p>Der Ben Alastair ist mit einer H\u00f6he von 1499 Metern der h\u00f6chste Berg im Royal Realm of Glenverness. Er liegt im S\u00fcden der Insel Verness in den Vernish Highlands zwischen den St\u00e4dten Kildeen im Westen, Stanverton im Norden und Glensend im S\u00fcden. Der Berg besteht aus rund 400 Millionen Jahre altem magmatischem Gestein. Die 300 [&hellip;]<\/p>\n","protected":false},"author":1,"featured_media":0,"parent":166,"menu_order":1,"comment_status":"closed","ping_status":"closed","template":"","meta":[],"_links":{"self":[{"href":"http:\/\/glenverness.de\/2020\/wp-json\/wp\/v2\/pages\/182"}],"collection":[{"href":"http:\/\/glenverness.de\/2020\/wp-json\/wp\/v2\/pages"}],"about":[{"href":"http:\/\/glenverness.de\/2020\/wp-json\/wp\/v2\/types\/page"}],"author":[{"embeddable":true,"href":"http:\/\/glenverness.de\/2020\/wp-json\/wp\/v2\/users\/1"}],"replies":[{"embeddable":true,"href":"http:\/\/glenverness.de\/2020\/wp-json\/wp\/v2\/comments?post=182"}],"version-history":[{"count":1,"href":"http:\/\/glenverness.de\/2020\/wp-json\/wp\/v2\/pages\/182\/revisions"}],"predecessor-version":[{"id":183,"href":"http:\/\/glenverness.de\/2020\/wp-json\/wp\/v2\/pages\/182\/revisions\/183"}],"up":[{"embeddable":true,"href":"http:\/\/glenverness.de\/2020\/wp-json\/wp\/v2\/pages\/166"}],"wp:attachment":[{"href":"http:\/\/glenverness.de\/2020\/wp-json\/wp\/v2\/media?parent=182"}],"curies":[{"name":"wp","href":"https:\/\/api.w.org\/{rel}","templated":true}]}}